{"id":5357,"date":"2016-07-14T14:48:32","date_gmt":"2016-07-14T12:48:32","guid":{"rendered":"https:\/\/orys.be\/orys-real-estate-en-ondernemingen\/"},"modified":"2024-02-23T10:52:33","modified_gmt":"2024-02-23T09:52:33","slug":"orys-real-estate-en-ondernemingen","status":"publish","type":"page","link":"https:\/\/orys.be\/fr\/","title":{"rendered":"Homepage"},"content":{"rendered":"<section class=\"l-section wpb_row us_custom_6df4bc3a mainphoto has_text_color height_medium full_height valign_center with_img\"><div class=\"l-section-img\" role=\"img\" aria-label=\"Image\" data-img-width=\"1920\" data-img-height=\"1050\" style=\"background-image: url(https:\/\/orys.be\/wp-content\/uploads\/2024\/01\/orys-home-01.jpg);\"><\/div><div class=\"l-section-h i-cf\"><div class=\"g-cols vc_row via_flex valign_top type_default stacking_default\"><div class=\"vc_col-sm-12 wpb_column vc_column_container\"><div class=\"vc_column-inner\"><div class=\"wpb_wrapper\"><div class=\"wpb_text_column\"><div class=\"wpb_wrapper\"><h1><span class=\"home-big-h1\">ORYS<\/span><br \/>\nAvocats en droit immobilier, droit des entreprises et droit public<\/h1>\n<\/div><\/div><div class=\"w-iconbox us_custom_0f8f44b7 iconpos_left style_default color_custom align_left no_text no_title\"><a href=\"#second-section\" class=\"w-iconbox-link\" aria-label=\"far|chevron-down\"><div class=\"w-iconbox-icon\" style=\"font-size:26px;--icon-color:#ffffff;\"><i class=\"far fa-chevron-down\"><\/i><\/div><\/a><div class=\"w-iconbox-meta\"><\/div><\/div><\/div><\/div><\/div><\/div><\/div><\/section><section class=\"l-section wpb_row height_huge width_custom color_primary with_img\" style=\"--site-content-width:1180px;\" id=\"second-section\"><div class=\"l-section-img\" role=\"img\" aria-label=\"Image\" data-img-width=\"448\" data-img-height=\"606\" style=\"background-image: url(https:\/\/orys.be\/wp-content\/uploads\/2024\/01\/home-symbol.png);background-position: center left;background-repeat: no-repeat;background-size: auto;\"><\/div><div class=\"l-section-h i-cf\"><div class=\"g-cols vc_row via_flex valign_top type_default stacking_default\"><div class=\"vc_col-sm-12 wpb_column vc_column_container\"><div class=\"vc_column-inner\"><div class=\"wpb_wrapper\"><div class=\"wpb_text_column h2-bigger\"><div class=\"wpb_wrapper\"><h2>Travail juridique adapt\u00e9 \u00e0 votre cas.<br \/>\nNotre exp\u00e9rience en tant que garantie.<\/h2>\n<\/div><\/div><div class=\"w-hwrapper us_custom_927ba7a4 home-txts valign_middle wrap stack_on_mobiles align_none\" style=\"--hwrapper-gap:0rem\"><div class=\"w-vwrapper align_center valign_middle\"><div class=\"wpb_text_column\"><div class=\"wpb_wrapper\"><p>Approche personnelle &#8211; Travail sur mesure &#8211; Collaboration \u00e0 long terme <\/p>\n<\/div><\/div><\/div><div class=\"w-vwrapper align_center valign_middle\"><div class=\"wpb_text_column\"><div class=\"wpb_wrapper\"><p>Sp\u00e9cialistes avec beaucoup d&rsquo;exp\u00e9rience<\/p>\n<\/div><\/div><\/div><div class=\"w-vwrapper align_center valign_middle\"><div class=\"wpb_text_column\"><div class=\"wpb_wrapper\"><p>Ind\u00e9pendants &#8211; Volontaires &#8211; Bruxelles<\/p>\n<\/div><\/div><\/div><\/div><\/div><\/div><\/div><\/div><\/div><\/section><section class=\"l-section wpb_row height_auto\"><div class=\"l-section-h i-cf\"><div class=\"g-cols vc_row via_flex valign_top type_default stacking_default\"><div class=\"vc_col-sm-12 wpb_column vc_column_container\"><div class=\"vc_column-inner\"><div class=\"wpb_wrapper\"><div class=\"w-grid us_grid us_custom_f9dc0060 type_grid layout_4803 cols_2 preload_style_spinner with_css_animation ratio_16x9\" id=\"us_grid_1\" style=\"--columns:2;--gap:10px;--item-ratio:0.5625;\"><style>@media (max-width:767px){#us_grid_1{--columns:1!important}}.layout_4803 .w-grid-item-h{background:#000000;box-shadow:0 0rem 0rem rgba(0,0,0,0.1),0 0rem 0rem rgba(0,0,0,0.1);transition-duration:0.3s}.no-touch .layout_4803 .w-grid-item-h:hover{box-shadow:0 0.01rem 0.02rem rgba(0,0,0,0.1),0 0.03rem 0.1rem rgba(0,0,0,0.15);z-index:4}.layout_4803 .usg_vwrapper_1{height:100px!important;position:absolute!important;left:0!important;top:calc(50% - 50px)!important;right:0!important}.layout_4803 .usg_post_title_1{color:#ffffff!important;font-size:32px!important;line-height:44px!important;letter-spacing:0.3px!important;font-weight:600!important;width:260px!important;max-width:90%!important;padding-bottom:3px!important;border-left-width:2px!important;border-right-width:2px!important;border-color:#ffffff!important;border-right-style:solid!important;border-left-style:solid!important}@media (min-width:1025px) and (max-width:1280px){.layout_4803 .usg_post_title_1{color:#ffffff!important;font-size:32px!important;line-height:44px!important;letter-spacing:0.3px!important;font-weight:600!important}}@media (min-width:768px) and (max-width:1024px){.layout_4803 .usg_post_title_1{color:#ffffff!important;font-size:32px!important;line-height:44px!important;letter-spacing:0.3px!important;font-weight:600!important}}@media (max-width:767px){.layout_4803 .usg_post_title_1{color:#ffffff!important;font-size:23px!important;line-height:34px!important;letter-spacing:0.3px!important;font-weight:600!important}}<\/style><div class=\"w-grid-list\">\t<article class=\"w-grid-item us_animate_afl size_1x1 post-5356 page type-page status-publish has-post-thumbnail hentry\" data-id=\"5356\" style=\"animation-delay:0s\">\r\n\t\t<div class=\"w-grid-item-h\" style=\"background:url(https:\/\/orys.be\/wp-content\/uploads\/2024\/02\/orys-home-team.jpg) center center\/cover no-repeat;\">\r\n\t\t\t\t\t\t\t<a href=\"https:\/\/orys.be\/fr\/lequipe\/\" class=\"w-grid-item-anchor\" aria-label=\"L&rsquo;\u00e9quipe\"><\/a>\r\n\t\t\t\t\t\t<div class=\"w-vwrapper usg_vwrapper_1 align_center valign_middle\"><h2 class=\"w-post-elm post_title usg_post_title_1 has_text_color align_center entry-title color_link_inherit\">L&rsquo;\u00e9quipe<\/h2><\/div>\t\t<\/div>\r\n\t\t\t<\/article>\r\n\t<article class=\"w-grid-item us_animate_afl size_1x1 post-5328 page type-page status-publish has-post-thumbnail hentry\" data-id=\"5328\" style=\"animation-delay:0.1s\">\r\n\t\t<div class=\"w-grid-item-h\" style=\"background:url(https:\/\/orys.be\/wp-content\/uploads\/2024\/01\/orys-home-03.jpg) center center\/cover no-repeat;\">\r\n\t\t\t\t\t\t\t<a href=\"https:\/\/orys.be\/fr\/expertises\/\" class=\"w-grid-item-anchor\" aria-label=\"Expertises\"><\/a>\r\n\t\t\t\t\t\t<div class=\"w-vwrapper usg_vwrapper_1 align_center valign_middle\"><h2 class=\"w-post-elm post_title usg_post_title_1 has_text_color align_center entry-title color_link_inherit\">Expertises<\/h2><\/div>\t\t<\/div>\r\n\t\t\t<\/article>\r\n\t<article class=\"w-grid-item us_animate_afl size_1x1 post-5362 page type-page status-publish has-post-thumbnail hentry\" data-id=\"5362\" style=\"animation-delay:0.2s\">\r\n\t\t<div class=\"w-grid-item-h\" style=\"background:url(https:\/\/orys.be\/wp-content\/uploads\/2024\/01\/orys-home-04.jpg) center center\/cover no-repeat;\">\r\n\t\t\t\t\t\t\t<a href=\"https:\/\/orys.be\/fr\/postes-vacants\/\" class=\"w-grid-item-anchor\" aria-label=\"Postes vacants\"><\/a>\r\n\t\t\t\t\t\t<div class=\"w-vwrapper usg_vwrapper_1 align_center valign_middle\"><h2 class=\"w-post-elm post_title usg_post_title_1 has_text_color align_center entry-title color_link_inherit\">Postes vacants<\/h2><\/div>\t\t<\/div>\r\n\t\t\t<\/article>\r\n\t<article class=\"w-grid-item us_animate_afl size_1x1 post-5351 page type-page status-publish has-post-thumbnail hentry\" data-id=\"5351\" style=\"animation-delay:0.3s\">\r\n\t\t<div class=\"w-grid-item-h\" style=\"background:url(https:\/\/orys.be\/wp-content\/uploads\/2024\/01\/orys-home-05.jpg) center center\/cover no-repeat;\">\r\n\t\t\t\t\t\t\t<a href=\"https:\/\/orys.be\/fr\/actualites\/\" class=\"w-grid-item-anchor\" aria-label=\"Actualit\u00e9s\"><\/a>\r\n\t\t\t\t\t\t<div class=\"w-vwrapper usg_vwrapper_1 align_center valign_middle\"><h2 class=\"w-post-elm post_title usg_post_title_1 has_text_color align_center entry-title color_link_inherit\">Actualit\u00e9s<\/h2><\/div>\t\t<\/div>\r\n\t\t\t<\/article>\r\n<\/div>\t<div class=\"w-grid-preloader\">\r\n\t\t<div class=\"g-preloader type_1\">\r\n\t\t\t<div><\/div>\r\n\t\t<\/div>\r\n\t<\/div>\r\n\t\t<div class=\"w-grid-json hidden\" onclick='return {&quot;action&quot;:&quot;us_ajax_grid&quot;,&quot;infinite_scroll&quot;:0,&quot;max_num_pages&quot;:1,&quot;pagination&quot;:&quot;none&quot;,&quot;template_vars&quot;:{&quot;columns&quot;:&quot;2&quot;,&quot;exclude_items&quot;:&quot;none&quot;,&quot;img_size&quot;:&quot;default&quot;,&quot;ignore_items_size&quot;:0,&quot;items_layout&quot;:&quot;4803&quot;,&quot;items_offset&quot;:&quot;1&quot;,&quot;load_animation&quot;:&quot;afl&quot;,&quot;overriding_link&quot;:&quot;%7B%22type%22%3A%22post%22%7D&quot;,&quot;post_id&quot;:0,&quot;query_args&quot;:{&quot;ignore_sticky_posts&quot;:1,&quot;post_type&quot;:&quot;any&quot;,&quot;post__in&quot;:[&quot;4734&quot;,&quot;4736&quot;,&quot;4738&quot;,&quot;187&quot;],&quot;posts_per_page&quot;:&quot;10&quot;},&quot;orderby_query_args&quot;:{&quot;orderby&quot;:{&quot;post__in&quot;:&quot;ASC&quot;},&quot;order&quot;:&quot;ASC&quot;},&quot;type&quot;:&quot;grid&quot;,&quot;us_grid_post_type&quot;:&quot;ids&quot;,&quot;us_grid_ajax_index&quot;:1,&quot;us_grid_filter_query_string&quot;:null,&quot;us_grid_index&quot;:1,&quot;page_args&quot;:[],&quot;lang&quot;:&quot;fr&quot;}}'><\/div>\r\n\t<\/div><\/div><\/div><\/div><\/div><\/div><\/section><section class=\"l-section wpb_row us_custom_f49b2406 height_medium\"><div class=\"l-section-h i-cf\"><div class=\"g-cols vc_row via_flex valign_top type_default stacking_default\"><div class=\"vc_col-sm-12 wpb_column vc_column_container\"><div class=\"vc_column-inner\"><div class=\"wpb_wrapper\"><div class=\"wpb_text_column us_custom_eb849559 h2-bigger\"><div class=\"wpb_wrapper\"><h2>Pourquoi choisir ORYS\u00a0?<\/h2>\n<\/div><\/div><div class=\"w-separator us_custom_b9e13623 size_custom with_line width_default thick_1 style_solid color_text align_center\" style=\"height:50px\"><div class=\"w-separator-h\"><\/div><\/div><div class=\"g-cols wpb_row us_custom_131fca6e txt-row-sp via_flex valign_middle type_default stacking_default\"><div class=\"vc_col-sm-7 wpb_column vc_column_container txt-sp txt-sp-lft\"><div class=\"vc_column-inner us_custom_a640122a us_animate_this\"><div class=\"wpb_wrapper\"><div class=\"wpb_text_column us_custom_432d3f53\"><div class=\"wpb_wrapper\"><h2>Approche personnelle &#8211; Travail sur mesure &#8211; Collaboration \u00e0 long terme<\/h2>\n<p>Nous prenons le temps de vous conna\u00eetre. Nous \u00e9coutons d&rsquo;abord attentivement, afin de conna\u00eetre les probl\u00e8mes sous-jacents, ainsi que vos besoins et vos attentes. Nous menons ensuite une enqu\u00eate approfondie et analysons la situation afin de proposer des solutions pragmatiques et r\u00e9alistes. Tout le monde ne choisit pas de suivre le m\u00eame chemin. Nous offrons la personnalisation n\u00e9cessaire et pla\u00e7ons le client au centre de cette d\u00e9marche, gr\u00e2ce \u00e0 une communication rapide et claire.<\/p>\n<p>Nous gardons \u00e9galement toujours un \u0153il sur les co\u00fbts et communiquons ouvertement \u00e0 ce sujet. Dans la mesure du possible, nous visons toujours une collaboration \u00e0 long terme. Cela n\u00e9cessite de la transparence. Il va de soi que la proc\u00e9dure pour la proc\u00e9dure est hors de question, mais qu&rsquo;elle sera bien s\u00fbr utilis\u00e9e avec vigueur si n\u00e9cessaire.<\/p>\n<\/div><\/div><\/div><\/div><\/div><div class=\"vc_col-sm-5 wpb_column vc_column_container img-on-side has_bg_color\"><div class=\"vc_column-inner us_custom_c3be2890\"><div class=\"wpb_wrapper\"><\/div><\/div><\/div><\/div><div class=\"g-cols wpb_row us_custom_d773958e txt-row-sp via_flex valign_middle type_default reversed stacking_default\"><div class=\"vc_col-sm-5 wpb_column vc_column_container img-on-side has_bg_color\"><div class=\"vc_column-inner us_custom_89e61d13\"><div class=\"wpb_wrapper\"><\/div><\/div><\/div><div class=\"vc_col-sm-7 wpb_column vc_column_container txt-sp txt-sp-rgt\"><div class=\"vc_column-inner us_custom_d628d18a us_animate_this\"><div class=\"wpb_wrapper\"><div class=\"wpb_text_column us_custom_432d3f53\"><div class=\"wpb_wrapper\"><h2>Des sp\u00e9cialistes avec beaucoup d&rsquo;exp\u00e9rience<\/h2>\n<p>Les avocats d&rsquo;ORYS ont effectu\u00e9 des parcours vari\u00e9s dans des cabinets de grande et moyenne taille, ainsi que dans le monde de l&rsquo;entreprise et au-del\u00e0. Bien que nous ne nous limitions \u00e9videmment pas \u00e0 cela, l&rsquo;immobilier est le fil conducteur des diff\u00e9rentes pratiques. Dans ce domaine, ORYS est sans aucun doute un sp\u00e9cialiste qui peut r\u00e9pondre \u00e0 tous vos besoins : de l&rsquo;achat \u00e0 la vente ou \u00e0 la location, de la planification et de la demande de permis \u00e0 la r\u00e9ception. ORYS r\u00e9unit cette exp\u00e9rience et fait de nous le guichet unique pour toutes vos questions relatives \u00e0 l&rsquo;immobilier.<\/p>\n<p>Cependant, notre expertise ne se limite pas \u00e0 l&rsquo;immobilier. Gr\u00e2ce \u00e0 leurs diff\u00e9rents parcours, nos avocats se sentent \u00e0 l&rsquo;aise devant les tribunaux dans de nombreuses mati\u00e8res. ORYS est organis\u00e9 autour de deux d\u00e9partements, \u00e0 savoir (1) Droit civil et droit des entreprises, et (2) Droit de l&rsquo;environnement et droit public.<\/p>\n<\/div><\/div><\/div><\/div><\/div><\/div><div class=\"g-cols wpb_row us_custom_131fca6e txt-row-sp via_flex valign_middle type_default stacking_default\"><div class=\"vc_col-sm-7 wpb_column vc_column_container txt-sp txt-sp-lft\"><div class=\"vc_column-inner us_custom_a640122a us_animate_this\"><div class=\"wpb_wrapper\"><div class=\"wpb_text_column us_custom_432d3f53\"><div class=\"wpb_wrapper\"><h2>Ind\u00e9pendants &#8211; Volontaires &#8211; Bruxelles<\/h2>\n<p>En tant qu&rsquo;acteur totalement ind\u00e9pendant sur le march\u00e9 belge, dot\u00e9 d&rsquo;une organisation efficace, nous pouvons agir et fournir des conseils de la mani\u00e8re la plus objective possible. ORYS est en mesure de fournir une assistance pour la plupart des probl\u00e8mes que les entreprises peuvent rencontrer, et lorsque ce n&rsquo;est pas le cas, nos avocats disposent chacun d&rsquo;un r\u00e9seau solide qui leur permet d&rsquo;agir rapidement lorsqu&rsquo;une sp\u00e9cialisation ou un conseil externe suppl\u00e9mentaire ou une sp\u00e9cialisation est n\u00e9cessaire. Notre ind\u00e9pendance garantit aux clients des lignes de communication courtes, sans formalit\u00e9s ni administration inutiles.<\/p>\n<p>Nos avocats ont des int\u00e9r\u00eats vari\u00e9s et parlent plusieurs langues (n\u00e9erlandais, fran\u00e7ais, anglais, allemand et espagnol). Un conseil avis\u00e9 ne se r\u00e9sume pas \u00e0 une simple connaissance de la loi. ORYS a les deux pieds sur terre et est bas\u00e9 au c\u0153ur de Bruxelles pour une bonne raison.<\/p>\n<p>Tout cela fait d&rsquo;ORYS un acteur volontaire et tenace sur le march\u00e9 relativement traditionnel de la profession d&rsquo;avocat.<\/p>\n<\/div><\/div><\/div><\/div><\/div><div class=\"vc_col-sm-5 wpb_column vc_column_container img-on-side has_bg_color\"><div class=\"vc_column-inner us_custom_3bf6a37f\"><div class=\"wpb_wrapper\"><\/div><\/div><\/div><\/div><\/div><\/div><\/div><\/div><\/div><\/section><section class=\"l-section wpb_row us_custom_6df4bc3a cta-bottom has_text_color height_huge\"><div class=\"l-section-h i-cf\"><div class=\"g-cols vc_row via_flex valign_top type_default stacking_default\"><div class=\"vc_col-sm-12 wpb_column vc_column_container\"><div class=\"vc_column-inner\"><div class=\"wpb_wrapper\"><div class=\"wpb_text_column us_custom_e2aee182 cta-txt-1\"><div class=\"wpb_wrapper\"><p>Une question ? Plus d&rsquo;informations ? <\/p>\n<\/div><\/div><div class=\"wpb_text_column us_custom_e2aee182 cta-txt-2\"><div class=\"wpb_wrapper\"><p>Vous voulez faire la connaissance des avocats d&rsquo;ORYS ?<\/p>\n<\/div><\/div><div class=\"wpb_text_column cta-txt-3\"><div class=\"wpb_wrapper\"><p>Appelez le +32 (0)2 410 10 66 ou<\/p>\n<\/div><\/div><div class=\"w-btn-wrapper align_none\"><a class=\"w-btn us-btn-style_4\" href=\"https:\/\/orys.be\/fr\/contact\/\"><span class=\"w-btn-label\">envoyez-nous un e-mail<\/span><\/a><\/div><\/div><\/div><\/div><\/div><\/div><\/section>\n","protected":false},"excerpt":{"rendered":"Actualit\u00e9s Obligations CPE en mati\u00e8re de location : un aper\u00e7u par r\u00e9gionLa r\u00e9glementation relative aux certificats de performance \u00e9nerg\u00e9tique (CPE) en mati\u00e8re de location en Belgique est un v\u00e9ritable casse-t\u00eate. Non seulement les obligations diff\u00e8rent entre la Flandre, la Wallonie et\u2026 Limitation de l&rsquo;indexation des loyers commerciaux en R\u00e9gion bruxelloiseLe 9 d\u00e9cembre 2022, le Parlement...","protected":false},"author":10,"featured_media":0,"parent":0,"menu_order":0,"comment_status":"closed","ping_status":"closed","template":"","meta":{"_acf_changed":false,"footnotes":""},"class_list":["post-5357","page","type-page","status-publish","hentry"],"acf":[],"yoast_head":"<!-- This site is optimized with the Yoast SEO plugin v27.2 - https:\/\/yoast.com\/product\/yoast-seo-wordpress\/ -->\n<title>ORYS - Avocats en droit immobilier et en droit des entreprises !<\/title>\n<meta name=\"description\" content=\"ORYS est un cabinet d&#039;avocats bas\u00e9 \u00e0 Bruxelles. Nous assistons les professionnels, les entreprises, les autorit\u00e9s et les particuliers en mati\u00e8re de droit immobilier et de droit des entreprises.\" \/>\n<meta name=\"robots\" content=\"index, follow, max-snippet:-1, max-image-preview:large, max-video-preview:-1\" \/>\n<link rel=\"canonical\" href=\"https:\/\/orys.be\/fr\/\" \/>\n<meta property=\"og:locale\" content=\"fr_FR\" \/>\n<meta property=\"og:type\" content=\"article\" \/>\n<meta property=\"og:title\" content=\"ORYS - Avocats en droit immobilier et en droit des entreprises !\" \/>\n<meta property=\"og:description\" content=\"ORYS est un cabinet d&#039;avocats bas\u00e9 \u00e0 Bruxelles. Nous assistons les professionnels, les entreprises, les autorit\u00e9s et les particuliers en mati\u00e8re de droit immobilier et de droit des entreprises.\" \/>\n<meta property=\"og:url\" content=\"https:\/\/orys.be\/fr\/\" \/>\n<meta property=\"og:site_name\" content=\"Orys Advocaten\" \/>\n<meta property=\"article:modified_time\" content=\"2024-02-23T09:52:33+00:00\" \/>\n<meta property=\"og:image\" content=\"https:\/\/orys.be\/wp-content\/uploads\/2024\/01\/orys-fb-picture.png\" \/>\n\t<meta property=\"og:image:width\" content=\"800\" \/>\n\t<meta property=\"og:image:height\" content=\"418\" \/>\n\t<meta property=\"og:image:type\" content=\"image\/png\" \/>\n<meta name=\"twitter:card\" content=\"summary_large_image\" \/>\n<meta name=\"twitter:label1\" content=\"Dur\u00e9e de lecture estim\u00e9e\" \/>\n\t<meta name=\"twitter:data1\" content=\"3 minutes\" \/>\n<script type=\"application\/ld+json\" class=\"yoast-schema-graph\">{\"@context\":\"https:\/\/schema.org\",\"@graph\":[{\"@type\":\"WebPage\",\"@id\":\"https:\/\/orys.be\/fr\/\",\"url\":\"https:\/\/orys.be\/fr\/\",\"name\":\"ORYS - Avocats en droit immobilier et en droit des entreprises !\",\"isPartOf\":{\"@id\":\"https:\/\/orys.be\/#website\"},\"datePublished\":\"2016-07-14T12:48:32+00:00\",\"dateModified\":\"2024-02-23T09:52:33+00:00\",\"description\":\"ORYS est un cabinet d'avocats bas\u00e9 \u00e0 Bruxelles. Nous assistons les professionnels, les entreprises, les autorit\u00e9s et les particuliers en mati\u00e8re de droit immobilier et de droit des entreprises.\",\"breadcrumb\":{\"@id\":\"https:\/\/orys.be\/fr\/#breadcrumb\"},\"inLanguage\":\"fr-FR\",\"potentialAction\":[{\"@type\":\"ReadAction\",\"target\":[\"https:\/\/orys.be\/fr\/\"]}]},{\"@type\":\"BreadcrumbList\",\"@id\":\"https:\/\/orys.be\/fr\/#breadcrumb\",\"itemListElement\":[{\"@type\":\"ListItem\",\"position\":1,\"name\":\"Strona g\u0142\u00f3wna\",\"item\":\"https:\/\/orys.be\/fr\/\"},{\"@type\":\"ListItem\",\"position\":2,\"name\":\"Homepage\"}]},{\"@type\":\"WebSite\",\"@id\":\"https:\/\/orys.be\/#website\",\"url\":\"https:\/\/orys.be\/\",\"name\":\"Orys Advocaten\",\"description\":\"Advocaten in Real Estate en Ondernemingen\",\"potentialAction\":[{\"@type\":\"SearchAction\",\"target\":{\"@type\":\"EntryPoint\",\"urlTemplate\":\"https:\/\/orys.be\/?s={search_term_string}\"},\"query-input\":{\"@type\":\"PropertyValueSpecification\",\"valueRequired\":true,\"valueName\":\"search_term_string\"}}],\"inLanguage\":\"fr-FR\"}]}<\/script>\n<!-- \/ Yoast SEO plugin. -->","yoast_head_json":{"title":"ORYS - Avocats en droit immobilier et en droit des entreprises !","description":"ORYS est un cabinet d'avocats bas\u00e9 \u00e0 Bruxelles. Nous assistons les professionnels, les entreprises, les autorit\u00e9s et les particuliers en mati\u00e8re de droit immobilier et de droit des entreprises.","robots":{"index":"index","follow":"follow","max-snippet":"max-snippet:-1","max-image-preview":"max-image-preview:large","max-video-preview":"max-video-preview:-1"},"canonical":"https:\/\/orys.be\/fr\/","og_locale":"fr_FR","og_type":"article","og_title":"ORYS - Avocats en droit immobilier et en droit des entreprises !","og_description":"ORYS est un cabinet d'avocats bas\u00e9 \u00e0 Bruxelles. Nous assistons les professionnels, les entreprises, les autorit\u00e9s et les particuliers en mati\u00e8re de droit immobilier et de droit des entreprises.","og_url":"https:\/\/orys.be\/fr\/","og_site_name":"Orys Advocaten","article_modified_time":"2024-02-23T09:52:33+00:00","og_image":[{"width":800,"height":418,"url":"https:\/\/orys.be\/wp-content\/uploads\/2024\/01\/orys-fb-picture.png","type":"image\/png"}],"twitter_card":"summary_large_image","twitter_misc":{"Dur\u00e9e de lecture estim\u00e9e":"3 minutes"},"schema":{"@context":"https:\/\/schema.org","@graph":[{"@type":"WebPage","@id":"https:\/\/orys.be\/fr\/","url":"https:\/\/orys.be\/fr\/","name":"ORYS - Avocats en droit immobilier et en droit des entreprises !","isPartOf":{"@id":"https:\/\/orys.be\/#website"},"datePublished":"2016-07-14T12:48:32+00:00","dateModified":"2024-02-23T09:52:33+00:00","description":"ORYS est un cabinet d'avocats bas\u00e9 \u00e0 Bruxelles. Nous assistons les professionnels, les entreprises, les autorit\u00e9s et les particuliers en mati\u00e8re de droit immobilier et de droit des entreprises.","breadcrumb":{"@id":"https:\/\/orys.be\/fr\/#breadcrumb"},"inLanguage":"fr-FR","potentialAction":[{"@type":"ReadAction","target":["https:\/\/orys.be\/fr\/"]}]},{"@type":"BreadcrumbList","@id":"https:\/\/orys.be\/fr\/#breadcrumb","itemListElement":[{"@type":"ListItem","position":1,"name":"Strona g\u0142\u00f3wna","item":"https:\/\/orys.be\/fr\/"},{"@type":"ListItem","position":2,"name":"Homepage"}]},{"@type":"WebSite","@id":"https:\/\/orys.be\/#website","url":"https:\/\/orys.be\/","name":"Orys Advocaten","description":"Advocaten in Real Estate en Ondernemingen","potentialAction":[{"@type":"SearchAction","target":{"@type":"EntryPoint","urlTemplate":"https:\/\/orys.be\/?s={search_term_string}"},"query-input":{"@type":"PropertyValueSpecification","valueRequired":true,"valueName":"search_term_string"}}],"inLanguage":"fr-FR"}]}},"_links":{"self":[{"href":"https:\/\/orys.be\/fr\/wp-json\/wp\/v2\/pages\/5357","targetHints":{"allow":["GET"]}}],"collection":[{"href":"https:\/\/orys.be\/fr\/wp-json\/wp\/v2\/pages"}],"about":[{"href":"https:\/\/orys.be\/fr\/wp-json\/wp\/v2\/types\/page"}],"author":[{"embeddable":true,"href":"https:\/\/orys.be\/fr\/wp-json\/wp\/v2\/users\/10"}],"replies":[{"embeddable":true,"href":"https:\/\/orys.be\/fr\/wp-json\/wp\/v2\/comments?post=5357"}],"version-history":[{"count":3,"href":"https:\/\/orys.be\/fr\/wp-json\/wp\/v2\/pages\/5357\/revisions"}],"predecessor-version":[{"id":5581,"href":"https:\/\/orys.be\/fr\/wp-json\/wp\/v2\/pages\/5357\/revisions\/5581"}],"wp:attachment":[{"href":"https:\/\/orys.be\/fr\/wp-json\/wp\/v2\/media?parent=5357"}],"curies":[{"name":"wp","href":"https:\/\/api.w.org\/{rel}","templated":true}]}}