{"id":5344,"date":"2024-01-06T12:52:19","date_gmt":"2024-01-06T11:52:19","guid":{"rendered":"https:\/\/orys.be\/advocaat-bouwrecht-vastgoedrecht\/"},"modified":"2025-06-03T16:34:25","modified_gmt":"2025-06-03T14:34:25","slug":"droit-immobilier","status":"publish","type":"page","link":"https:\/\/orys.be\/fr\/droit-immobilier\/","title":{"rendered":"Droit immobilier"},"content":{"rendered":"<section class=\"l-section wpb_row subpage-header height_medium width_custom with_img\" style=\"--site-content-width:1000px;\"><div class=\"l-section-img\" role=\"img\" aria-label=\"Image\" data-img-width=\"1920\" data-img-height=\"440\" style=\"background-image: url(https:\/\/orys.be\/wp-content\/uploads\/2024\/01\/header.jpg);\"><\/div><div class=\"l-section-h i-cf\"><div class=\"g-cols vc_row via_flex valign_top type_default stacking_default\"><div class=\"vc_col-sm-12 wpb_column vc_column_container\"><div class=\"vc_column-inner\"><div class=\"wpb_wrapper\"><div class=\"wpb_text_column us_custom_d44d8758 has_text_color\"><div class=\"wpb_wrapper\"><h1>ORYS : une \u00e9quipe d&rsquo;avocats sp\u00e9cialis\u00e9s dans le droit de la construction, le droit immobilier, les litiges en mati\u00e8re de louage et les litiges en mati\u00e8re de construction<\/h1>\n<\/div><\/div><div class=\"w-separator us_custom_928dc518 has_text_color size_custom with_line width_default thick_1 style_solid color_text align_center\" style=\"height:3px\"><div class=\"w-separator-h\"><\/div><\/div><\/div><\/div><\/div><\/div><\/div><\/section><section class=\"l-section wpb_row us_custom_f49b2406 height_medium\"><div class=\"l-section-h i-cf\"><div class=\"g-cols vc_row via_flex valign_top type_default stacking_default\"><div class=\"vc_col-sm-12 wpb_column vc_column_container\"><div class=\"vc_column-inner\"><div class=\"wpb_wrapper\"><div class=\"g-cols wpb_row us_custom_131fca6e txt-row-sp via_flex valign_middle type_default stacking_default\"><div class=\"vc_col-sm-7 wpb_column vc_column_container txt-sp txt-sp-lft\"><div class=\"vc_column-inner us_custom_a640122a us_animate_this\"><div class=\"wpb_wrapper\"><div class=\"wpb_text_column us_custom_432d3f53\"><div class=\"wpb_wrapper\"><h2>Vous cherchez un avocat en droit de la construction\u00a0?<\/h2>\n<p>Nous assurons l&rsquo;accompagnement juridique de votre projet de construction. De la demande de permis \u00e0 la r\u00e9daction des contrats avec les entrepreneurs et les acheteurs, en passant par les litiges concernant les erreurs de conception, de contr\u00f4le ou d&rsquo;ex\u00e9cution et les litiges avec les (candidats) acheteurs.<\/p>\n<p>ORYS offre des conseils, une consultation et une assistance dans les proc\u00e9dures judiciaires dans les domaines suivants\u00a0:<\/p>\n<ul>\n<li>Promotion immobili\u00e8re<\/li>\n<li>Servitudes<\/li>\n<li>Contrats d&rsquo;entreprise et contrats de sous-traitance<\/li>\n<li>Contrats d&rsquo;architecte<\/li>\n<li>Litiges en mati\u00e8re de construction \/ expertises amiables et judiciaires<\/li>\n<li>Litiges en mati\u00e8re de louage<\/li>\n<li>R\u00e9daction des baux<\/li>\n<li>D\u00e9ontologie de l&rsquo;agent immobilier, proc\u00e9dures IPI<\/li>\n<li>Questions d&rsquo;assurance<\/li>\n<li>\u2026<\/li>\n<\/ul>\n<\/div><\/div><\/div><\/div><\/div><div class=\"vc_col-sm-5 wpb_column vc_column_container img-on-side has_bg_color\"><div class=\"vc_column-inner us_custom_b1b3b715\"><div class=\"wpb_wrapper\"><\/div><\/div><\/div><\/div><div class=\"g-cols wpb_row us_custom_d773958e txt-row-sp via_flex valign_middle type_default reversed stacking_default\"><div class=\"vc_col-sm-5 wpb_column vc_column_container img-on-side has_bg_color\"><div class=\"vc_column-inner us_custom_c0a215dd\"><div class=\"wpb_wrapper\"><\/div><\/div><\/div><div class=\"vc_col-sm-7 wpb_column vc_column_container txt-sp txt-sp-rgt\"><div class=\"vc_column-inner us_custom_d628d18a us_animate_this\"><div class=\"wpb_wrapper\"><div class=\"wpb_text_column us_custom_432d3f53\"><div class=\"wpb_wrapper\"><h2>Nous sommes \u00e9galement votre avocat en droit immobilier<\/h2>\n<p>Nous sommes \u00e9galement votre cabinet d&rsquo;avocats pour le droit immobilier. ORYS offre des conseils juridiques et un accompagnement sur les sujets suivants\u00a0:<\/p>\n<ul>\n<li>Achat et vente de biens immobiliers<\/li>\n<li>Location de biens immobiliers<\/li>\n<li>Projets de construction<\/li>\n<li>Entreprise<\/li>\n<li>\u2026<\/li>\n<\/ul>\n<\/div><\/div><\/div><\/div><\/div><\/div><div class=\"g-cols wpb_row us_custom_131fca6e txt-row-sp via_flex valign_middle type_default stacking_default\"><div class=\"vc_col-sm-7 wpb_column vc_column_container txt-sp txt-sp-lft\"><div class=\"vc_column-inner us_custom_a640122a us_animate_this\"><div class=\"wpb_wrapper\"><div class=\"wpb_text_column us_custom_432d3f53\"><div class=\"wpb_wrapper\"><h2>Pour les professionnels de l&rsquo;immobilier, de la construction et les autorit\u00e9s publiques<\/h2>\n<p>ORYS dispose d&rsquo;une grande exp\u00e9rience en mati\u00e8re de soutien juridique aux professionnels des secteurs de l&rsquo;immobilier et de la construction\u00a0:<\/p>\n<ul>\n<li>Propri\u00e9taires<\/li>\n<li>Entrepreneurs<\/li>\n<li>Architectes<\/li>\n<li>Promoteurs immobiliers<\/li>\n<li>Agents immobiliers<\/li>\n<li>Bureaux d&rsquo;\u00e9tudes<\/li>\n<li>Assureurs<\/li>\n<li>Autorit\u00e9s locales<\/li>\n<\/ul>\n<p>Nous sommes le partenaire juridique privil\u00e9gi\u00e9 du secteur immobilier, chacun d&rsquo;entre nous \u00e9tant sp\u00e9cialis\u00e9 dans les diff\u00e9rentes facettes de ce secteur vari\u00e9.<\/p>\n<\/div><\/div><\/div><\/div><\/div><div class=\"vc_col-sm-5 wpb_column vc_column_container img-on-side has_bg_color\"><div class=\"vc_column-inner us_custom_a22ff71f\"><div class=\"wpb_wrapper\"><\/div><\/div><\/div><\/div><div class=\"g-cols wpb_row us_custom_d773958e txt-row-sp via_flex valign_middle type_default reversed stacking_default\"><div class=\"vc_col-sm-5 wpb_column vc_column_container img-on-side has_bg_color\"><div class=\"vc_column-inner us_custom_3181a08d\"><div class=\"wpb_wrapper\"><\/div><\/div><\/div><div class=\"vc_col-sm-7 wpb_column vc_column_container txt-sp txt-sp-rgt\"><div class=\"vc_column-inner us_custom_d628d18a us_animate_this\"><div class=\"wpb_wrapper\"><div class=\"wpb_text_column us_custom_432d3f53\"><div class=\"wpb_wrapper\"><h2>Pour les particuliers<\/h2>\n<p>Vous \u00eates confront\u00e9(e) \u00e0 un probl\u00e8me juridique en mati\u00e8re de droit immobilier ou de droit de la construction\u00a0? Nous offrons un soutien et des conseils, y compris dans le cadre de litiges et de proc\u00e9dures concernant l&rsquo;achat et la vente de biens immobiliers\u00a0:<\/p>\n<ul>\n<li>Achat et vente de biens immobiliers<\/li>\n<li>Achat sur plan et contrats conform\u00e9ment \u00e0 la loi Breyne<\/li>\n<li>Transactions immobili\u00e8res<\/li>\n<li>Gestion immobili\u00e8re<\/li>\n<li>Propri\u00e9t\u00e9 et copropri\u00e9t\u00e9 (droit relatif \u00e0 la copropri\u00e9t\u00e9)<\/li>\n<li>D\u00e9ontologie de l&rsquo;agent immobilier<\/li>\n<li>Mandats de gestion et contrats d&rsquo;interm\u00e9diaire pour les agents immobiliers<\/li>\n<\/ul>\n<p>Nous vous accompagnons dans toutes les transactions immobili\u00e8res et nous connaissons tous les aspects des servitudes, de l&#8217;emphyt\u00e9ose, du droit de superficie, de la copropri\u00e9t\u00e9, de la mitoyennet\u00e9, des nuisances de voisinage, etc.<\/p>\n<\/div><\/div><\/div><\/div><\/div><\/div><div class=\"g-cols wpb_row us_custom_131fca6e txt-row-sp via_flex valign_middle type_default stacking_default\"><div class=\"vc_col-sm-7 wpb_column vc_column_container txt-sp txt-sp-lft\"><div class=\"vc_column-inner us_custom_a640122a us_animate_this\"><div class=\"wpb_wrapper\"><div class=\"wpb_text_column us_custom_432d3f53\"><div class=\"wpb_wrapper\"><h2>Conseils de premi\u00e8re ligne en mati\u00e8re de loyers, de locations et de litiges en mati\u00e8re de louage<\/h2>\n<p>Nos avocats sp\u00e9cialis\u00e9s sont \u00e9galement parfaitement \u00e0 l&rsquo;aise dans le domaine du droit du bail, qu&rsquo;il s&rsquo;agisse de bail r\u00e9sidentiel, de bail commercial, de bail emphyt\u00e9otique ou de bail commun<\/p>\n<ul>\n<li>R\u00e9daction d&rsquo;un bail et d&rsquo;un contrat de location<\/li>\n<li>R\u00e9vision des baux<\/li>\n<li>R\u00e9siliation d&rsquo;un bail<\/li>\n<li>R\u00e9cup\u00e9ration des arri\u00e9r\u00e9s de loyers<\/li>\n<li>Expulsion<\/li>\n<li><span>Location de bureaux<\/span><\/li>\n<\/ul>\n<\/div><\/div><\/div><\/div><\/div><div class=\"vc_col-sm-5 wpb_column vc_column_container img-on-side has_bg_color\"><div class=\"vc_column-inner us_custom_3bf6a37f\"><div class=\"wpb_wrapper\"><\/div><\/div><\/div><\/div><\/div><\/div><\/div><\/div><\/div><\/section><section class=\"l-section wpb_row cta-subpage height_large color_primary\"><div class=\"l-section-h i-cf\"><div class=\"g-cols vc_row via_flex valign_top type_default stacking_default\"><div class=\"vc_col-sm-12 wpb_column vc_column_container\"><div class=\"vc_column-inner\"><div class=\"wpb_wrapper\"><div class=\"wpb_text_column us_custom_0147183a\"><div class=\"wpb_wrapper\"><p>Besoin de conseils et d&rsquo;assistance de la part d&rsquo;un avocat sp\u00e9cialis\u00e9 en droit de la construction ou en droit immobilier ?<br \/>\nNous vous aiderons \u00e9galement \u00e0 r\u00e9soudre vos litiges en mati\u00e8re de louage ou de construction.<\/p>\n<\/div><\/div><div class=\"wpb_text_column us_custom_4b6d1dff cta-smlr\"><div class=\"wpb_wrapper\"><p>Appelez le +32 (0)2 410 10 66 ou<\/p>\n<\/div><\/div><div class=\"w-btn-wrapper align_center\"><a class=\"w-btn us-btn-style_4\" href=\"https:\/\/orys.be\/fr\/contact\/\"><span class=\"w-btn-label\">envoyez-nous un e-mail<\/span><\/a><\/div><\/div><\/div><\/div><\/div><\/div><\/section><section class=\"l-section wpb_row height_medium\"><div class=\"l-section-h i-cf\"><div class=\"g-cols vc_row via_flex valign_top type_default stacking_default\"><div class=\"vc_col-sm-12 wpb_column vc_column_container\"><div class=\"vc_column-inner\"><div class=\"wpb_wrapper\"><div class=\"wpb_text_column us_custom_82f930b3\"><div class=\"wpb_wrapper\"><h2>Nos avocats sp\u00e9cialis\u00e9s dans le droit de la construction, le droit immobilier, les litiges en mati\u00e8re de louage et les litiges en mati\u00e8re de construction<\/h2>\n<\/div><\/div><div class=\"w-grid us_grid type_grid layout_4845 cols_5 preload_style_spinner with_css_animation\" id=\"us_grid_1\" style=\"--columns:5;--gap:1.4rem;\"><style>@media (max-width:1280px){#us_grid_1{--columns:3!important}}@media (max-width:1024px){#us_grid_1{--columns:2!important}}@media (max-width:767px){#us_grid_1{--columns:1!important}}.layout_4845 .w-grid-item-h{}.layout_4845 .usg_post_title_1{text-align:center!important;font-size:16px!important;font-weight:500!important}<\/style><div class=\"w-grid-list\">\t<article class=\"w-grid-item us_animate_afl size_1x1 post-5280 us_portfolio type-us_portfolio status-publish has-post-thumbnail hentry us_portfolio_category-advocaat-fr\" data-id=\"5280\" style=\"animation-delay:0s\">\r\n\t\t<div class=\"w-grid-item-h\">\r\n\t\t\t\t\t\t\t<a href=\"https:\/\/orys.be\/fr\/team\/advocat-erik-de-caluwe\/\" class=\"w-grid-item-anchor\" aria-label=\"Erik De Caluw\u00e9\"><\/a>\r\n\t\t\t\t\t\t<div class=\"w-vwrapper usg_vwrapper_1 align_center valign_top\" style=\"--vwrapper-gap:1rem\"><div class=\"w-post-elm post_image usg_post_image_1 stretched\"><img loading=\"lazy\" decoding=\"async\" width=\"600\" height=\"900\" src=\"https:\/\/orys.be\/wp-content\/uploads\/2021\/12\/Erik-600x900.jpg\" class=\"attachment-us_600_0 size-us_600_0 wp-post-image\" alt=\"\" srcset=\"https:\/\/orys.be\/wp-content\/uploads\/2021\/12\/Erik-600x900.jpg 600w, https:\/\/orys.be\/wp-content\/uploads\/2021\/12\/Erik-200x300.jpg 200w, https:\/\/orys.be\/wp-content\/uploads\/2021\/12\/Erik-683x1024.jpg 683w, https:\/\/orys.be\/wp-content\/uploads\/2021\/12\/Erik-768x1152.jpg 768w, https:\/\/orys.be\/wp-content\/uploads\/2021\/12\/Erik-400x600.jpg 400w, https:\/\/orys.be\/wp-content\/uploads\/2021\/12\/Erik-scaled.jpg 1706w\" sizes=\"auto, (max-width: 600px) 100vw, 600px\" \/><\/div><p class=\"w-post-elm post_title usg_post_title_1 entry-title color_link_inherit\">Erik De Caluw\u00e9<\/p><button class=\"w-btn us-btn-style_5 usg_btn_1\" tabindex=\"-1\" type=\"button\"><span class=\"w-btn-label\">bio<\/span><\/button><\/div>\t\t<\/div>\r\n\t\t\t<\/article>\r\n\t<article class=\"w-grid-item us_animate_afl size_1x1 post-5275 us_portfolio type-us_portfolio status-publish has-post-thumbnail hentry us_portfolio_category-advocaat-fr\" data-id=\"5275\" style=\"animation-delay:0.1s\">\r\n\t\t<div class=\"w-grid-item-h\">\r\n\t\t\t\t\t\t\t<a href=\"https:\/\/orys.be\/fr\/team\/advocat-christophe-van-hecke\/\" class=\"w-grid-item-anchor\" aria-label=\"Christophe Van Hecke\"><\/a>\r\n\t\t\t\t\t\t<div class=\"w-vwrapper usg_vwrapper_1 align_center valign_top\" style=\"--vwrapper-gap:1rem\"><div class=\"w-post-elm post_image usg_post_image_1 stretched\"><img loading=\"lazy\" decoding=\"async\" width=\"600\" height=\"900\" src=\"https:\/\/orys.be\/wp-content\/uploads\/2021\/12\/Christophe-Van-Hecke-Orys-Advocaten-Avocats-Lawyers-2024.jpg\" class=\"attachment-us_600_0 size-us_600_0 wp-post-image\" alt=\"Christophe Van Hecke - Orys Advocaten Avocats Lawyers\" srcset=\"https:\/\/orys.be\/wp-content\/uploads\/2021\/12\/Christophe-Van-Hecke-Orys-Advocaten-Avocats-Lawyers-2024.jpg 600w, https:\/\/orys.be\/wp-content\/uploads\/2021\/12\/Christophe-Van-Hecke-Orys-Advocaten-Avocats-Lawyers-2024-200x300.jpg 200w, https:\/\/orys.be\/wp-content\/uploads\/2021\/12\/Christophe-Van-Hecke-Orys-Advocaten-Avocats-Lawyers-2024-400x600.jpg 400w\" sizes=\"auto, (max-width: 600px) 100vw, 600px\" \/><\/div><p class=\"w-post-elm post_title usg_post_title_1 entry-title color_link_inherit\">Christophe Van Hecke<\/p><button class=\"w-btn us-btn-style_5 usg_btn_1\" tabindex=\"-1\" type=\"button\"><span class=\"w-btn-label\">bio<\/span><\/button><\/div>\t\t<\/div>\r\n\t\t\t<\/article>\r\n\t<article class=\"w-grid-item us_animate_afl size_1x1 post-5283 us_portfolio type-us_portfolio status-publish has-post-thumbnail hentry us_portfolio_category-advocaat-fr\" data-id=\"5283\" style=\"animation-delay:0.2s\">\r\n\t\t<div class=\"w-grid-item-h\">\r\n\t\t\t\t\t\t\t<a href=\"https:\/\/orys.be\/fr\/team\/avocat-marie-deramoudt\/\" class=\"w-grid-item-anchor\" aria-label=\"Marie Deramoudt\"><\/a>\r\n\t\t\t\t\t\t<div class=\"w-vwrapper usg_vwrapper_1 align_center valign_top\" style=\"--vwrapper-gap:1rem\"><div class=\"w-post-elm post_image usg_post_image_1 stretched\"><img loading=\"lazy\" decoding=\"async\" width=\"600\" height=\"900\" src=\"https:\/\/orys.be\/wp-content\/uploads\/2021\/12\/Marie-Deramoudt-Orys-Advocaten-Avocats-Lawyers-2024.jpg\" class=\"attachment-us_600_0 size-us_600_0 wp-post-image\" alt=\"Marie Deramoudt - Orys Advocaten Avocats Lawyers\" srcset=\"https:\/\/orys.be\/wp-content\/uploads\/2021\/12\/Marie-Deramoudt-Orys-Advocaten-Avocats-Lawyers-2024.jpg 600w, https:\/\/orys.be\/wp-content\/uploads\/2021\/12\/Marie-Deramoudt-Orys-Advocaten-Avocats-Lawyers-2024-200x300.jpg 200w, https:\/\/orys.be\/wp-content\/uploads\/2021\/12\/Marie-Deramoudt-Orys-Advocaten-Avocats-Lawyers-2024-400x600.jpg 400w\" sizes=\"auto, (max-width: 600px) 100vw, 600px\" \/><\/div><p class=\"w-post-elm post_title usg_post_title_1 entry-title color_link_inherit\">Marie Deramoudt<\/p><button class=\"w-btn us-btn-style_5 usg_btn_1\" tabindex=\"-1\" type=\"button\"><span class=\"w-btn-label\">bio<\/span><\/button><\/div>\t\t<\/div>\r\n\t\t\t<\/article>\r\n\t<article class=\"w-grid-item us_animate_afl size_1x1 post-5258 us_portfolio type-us_portfolio status-publish has-post-thumbnail hentry us_portfolio_category-advocaat-fr\" data-id=\"5258\" style=\"animation-delay:0.3s\">\r\n\t\t<div class=\"w-grid-item-h\">\r\n\t\t\t\t\t\t\t<a href=\"https:\/\/orys.be\/fr\/team\/advocat-antoine-dierickx\/\" class=\"w-grid-item-anchor\" aria-label=\"Antoine Dierickx\"><\/a>\r\n\t\t\t\t\t\t<div class=\"w-vwrapper usg_vwrapper_1 align_center valign_top\" style=\"--vwrapper-gap:1rem\"><div class=\"w-post-elm post_image usg_post_image_1 stretched\"><img loading=\"lazy\" decoding=\"async\" width=\"600\" height=\"900\" src=\"https:\/\/orys.be\/wp-content\/uploads\/2021\/12\/Antoine-correct-600x900.jpg\" class=\"attachment-us_600_0 size-us_600_0 wp-post-image\" alt=\"\" srcset=\"https:\/\/orys.be\/wp-content\/uploads\/2021\/12\/Antoine-correct-600x900.jpg 600w, https:\/\/orys.be\/wp-content\/uploads\/2021\/12\/Antoine-correct-200x300.jpg 200w, https:\/\/orys.be\/wp-content\/uploads\/2021\/12\/Antoine-correct-683x1024.jpg 683w, https:\/\/orys.be\/wp-content\/uploads\/2021\/12\/Antoine-correct-768x1152.jpg 768w, https:\/\/orys.be\/wp-content\/uploads\/2021\/12\/Antoine-correct-400x600.jpg 400w, https:\/\/orys.be\/wp-content\/uploads\/2021\/12\/Antoine-correct-scaled.jpg 1706w\" sizes=\"auto, (max-width: 600px) 100vw, 600px\" \/><\/div><p class=\"w-post-elm post_title usg_post_title_1 entry-title color_link_inherit\">Antoine Dierickx<\/p><button class=\"w-btn us-btn-style_5 usg_btn_1\" tabindex=\"-1\" type=\"button\"><span class=\"w-btn-label\">bio<\/span><\/button><\/div>\t\t<\/div>\r\n\t\t\t<\/article>\r\n<\/div>\t<div class=\"w-grid-preloader\">\r\n\t\t<div class=\"g-preloader type_1\">\r\n\t\t\t<div><\/div>\r\n\t\t<\/div>\r\n\t<\/div>\r\n\t\t<div class=\"w-grid-json hidden\" onclick='return {&quot;action&quot;:&quot;us_ajax_grid&quot;,&quot;infinite_scroll&quot;:0,&quot;max_num_pages&quot;:1,&quot;pagination&quot;:&quot;none&quot;,&quot;template_vars&quot;:{&quot;columns&quot;:&quot;5&quot;,&quot;exclude_items&quot;:&quot;none&quot;,&quot;img_size&quot;:&quot;default&quot;,&quot;ignore_items_size&quot;:0,&quot;items_layout&quot;:&quot;4845&quot;,&quot;items_offset&quot;:&quot;1&quot;,&quot;load_animation&quot;:&quot;afl&quot;,&quot;overriding_link&quot;:&quot;%7B%22type%22%3A%22post%22%7D&quot;,&quot;post_id&quot;:0,&quot;query_args&quot;:{&quot;ignore_sticky_posts&quot;:1,&quot;post_type&quot;:&quot;any&quot;,&quot;post__in&quot;:[&quot;3781&quot;,&quot;4096&quot;,&quot;3854&quot;,&quot;4846&quot;,&quot;3898&quot;],&quot;posts_per_page&quot;:&quot;10&quot;},&quot;orderby_query_args&quot;:{&quot;orderby&quot;:{&quot;post__in&quot;:&quot;ASC&quot;},&quot;order&quot;:&quot;ASC&quot;},&quot;type&quot;:&quot;grid&quot;,&quot;us_grid_post_type&quot;:&quot;ids&quot;,&quot;us_grid_ajax_index&quot;:1,&quot;us_grid_filter_query_string&quot;:null,&quot;us_grid_index&quot;:1,&quot;page_args&quot;:[],&quot;lang&quot;:&quot;fr&quot;}}'><\/div>\r\n\t<\/div><\/div><\/div><\/div><\/div><\/div><\/section>\n","protected":false},"excerpt":{"rendered":"\u00c9tudes et exp\u00e9rience Antoine Dierickx est titulaire d&rsquo;un master en droit obtenu avec grande distinction \u00e0 la Vrije Universiteit Brussel (2021), o\u00f9 il s&rsquo;est principalement sp\u00e9cialis\u00e9 en droit fiscal. En 2021, Me Dierickx a rejoint le d\u00e9partement Droit civil et droit des entreprises du cabinet ORYS o\u00f9 il est inscrit \u00e0 l&rsquo;Ordre des avocats n\u00e9erlandophones...","protected":false},"author":13,"featured_media":4843,"parent":0,"menu_order":0,"comment_status":"closed","ping_status":"closed","template":"","meta":{"_acf_changed":false,"footnotes":""},"class_list":["post-5344","page","type-page","status-publish","has-post-thumbnail","hentry"],"acf":[],"yoast_head":"<!-- This site is optimized with the Yoast SEO plugin v27.2 - https:\/\/yoast.com\/product\/yoast-seo-wordpress\/ -->\n<title>Avocat droit de la construction | droit immobilier | litiges en mati\u00e8re de louage | litiges en mati\u00e8re de construction | droit de l&#039;environnement<\/title>\n<meta name=\"description\" content=\"Vous cherchez un avocat en droit de la construction ? Besoin d&#039;un avocat sp\u00e9cialis\u00e9 en droit immobilier ? Besoin d&#039;un avocat sp\u00e9cialis\u00e9 en immobilier ? L&#039;\u00e9quipe professionnelle d&#039;ORYS fournit des conseils juridiques dans les domaines de l&#039;immobilier, de la construction et de la promotion immobili\u00e8re.\" \/>\n<meta name=\"robots\" content=\"index, follow, max-snippet:-1, max-image-preview:large, max-video-preview:-1\" \/>\n<link rel=\"canonical\" href=\"https:\/\/orys.be\/fr\/droit-immobilier\/\" \/>\n<meta property=\"og:locale\" content=\"fr_FR\" \/>\n<meta property=\"og:type\" content=\"article\" \/>\n<meta property=\"og:title\" content=\"Avocat droit de la construction | droit immobilier | litiges en mati\u00e8re de louage | litiges en mati\u00e8re de construction | droit de l&#039;environnement\" \/>\n<meta property=\"og:description\" content=\"Vous cherchez un avocat en droit de la construction ? Besoin d&#039;un avocat sp\u00e9cialis\u00e9 en droit immobilier ? Besoin d&#039;un avocat sp\u00e9cialis\u00e9 en immobilier ? L&#039;\u00e9quipe professionnelle d&#039;ORYS fournit des conseils juridiques dans les domaines de l&#039;immobilier, de la construction et de la promotion immobili\u00e8re.\" \/>\n<meta property=\"og:url\" content=\"https:\/\/orys.be\/fr\/droit-immobilier\/\" \/>\n<meta property=\"og:site_name\" content=\"Orys Advocaten\" \/>\n<meta property=\"article:modified_time\" content=\"2025-06-03T14:34:25+00:00\" \/>\n<meta property=\"og:image\" content=\"https:\/\/orys.be\/wp-content\/uploads\/2024\/01\/orys-vastgoed-01.jpg\" \/>\n\t<meta property=\"og:image:width\" content=\"780\" \/>\n\t<meta property=\"og:image:height\" content=\"810\" \/>\n\t<meta property=\"og:image:type\" content=\"image\/jpeg\" \/>\n<meta name=\"twitter:card\" content=\"summary_large_image\" \/>\n<meta name=\"twitter:label1\" content=\"Dur\u00e9e de lecture estim\u00e9e\" \/>\n\t<meta name=\"twitter:data1\" content=\"3 minutes\" \/>\n<script type=\"application\/ld+json\" class=\"yoast-schema-graph\">{\"@context\":\"https:\/\/schema.org\",\"@graph\":[{\"@type\":\"WebPage\",\"@id\":\"https:\/\/orys.be\/fr\/droit-immobilier\/\",\"url\":\"https:\/\/orys.be\/fr\/droit-immobilier\/\",\"name\":\"Avocat droit de la construction | droit immobilier | litiges en mati\u00e8re de louage | litiges en mati\u00e8re de construction | droit de l'environnement\",\"isPartOf\":{\"@id\":\"https:\/\/orys.be\/#website\"},\"primaryImageOfPage\":{\"@id\":\"https:\/\/orys.be\/fr\/droit-immobilier\/#primaryimage\"},\"image\":{\"@id\":\"https:\/\/orys.be\/fr\/droit-immobilier\/#primaryimage\"},\"thumbnailUrl\":\"https:\/\/orys.be\/wp-content\/uploads\/2024\/01\/orys-vastgoed-01.jpg\",\"datePublished\":\"2024-01-06T11:52:19+00:00\",\"dateModified\":\"2025-06-03T14:34:25+00:00\",\"description\":\"Vous cherchez un avocat en droit de la construction ? Besoin d'un avocat sp\u00e9cialis\u00e9 en droit immobilier ? Besoin d'un avocat sp\u00e9cialis\u00e9 en immobilier ? L'\u00e9quipe professionnelle d'ORYS fournit des conseils juridiques dans les domaines de l'immobilier, de la construction et de la promotion immobili\u00e8re.\",\"breadcrumb\":{\"@id\":\"https:\/\/orys.be\/fr\/droit-immobilier\/#breadcrumb\"},\"inLanguage\":\"fr-FR\",\"potentialAction\":[{\"@type\":\"ReadAction\",\"target\":[\"https:\/\/orys.be\/fr\/droit-immobilier\/\"]}]},{\"@type\":\"ImageObject\",\"inLanguage\":\"fr-FR\",\"@id\":\"https:\/\/orys.be\/fr\/droit-immobilier\/#primaryimage\",\"url\":\"https:\/\/orys.be\/wp-content\/uploads\/2024\/01\/orys-vastgoed-01.jpg\",\"contentUrl\":\"https:\/\/orys.be\/wp-content\/uploads\/2024\/01\/orys-vastgoed-01.jpg\",\"width\":780,\"height\":810},{\"@type\":\"BreadcrumbList\",\"@id\":\"https:\/\/orys.be\/fr\/droit-immobilier\/#breadcrumb\",\"itemListElement\":[{\"@type\":\"ListItem\",\"position\":1,\"name\":\"Strona g\u0142\u00f3wna\",\"item\":\"https:\/\/orys.be\/fr\/\"},{\"@type\":\"ListItem\",\"position\":2,\"name\":\"Droit immobilier\"}]},{\"@type\":\"WebSite\",\"@id\":\"https:\/\/orys.be\/#website\",\"url\":\"https:\/\/orys.be\/\",\"name\":\"Orys Advocaten\",\"description\":\"Advocaten in Real Estate en Ondernemingen\",\"potentialAction\":[{\"@type\":\"SearchAction\",\"target\":{\"@type\":\"EntryPoint\",\"urlTemplate\":\"https:\/\/orys.be\/?s={search_term_string}\"},\"query-input\":{\"@type\":\"PropertyValueSpecification\",\"valueRequired\":true,\"valueName\":\"search_term_string\"}}],\"inLanguage\":\"fr-FR\"}]}<\/script>\n<!-- \/ Yoast SEO plugin. -->","yoast_head_json":{"title":"Avocat droit de la construction | droit immobilier | litiges en mati\u00e8re de louage | litiges en mati\u00e8re de construction | droit de l'environnement","description":"Vous cherchez un avocat en droit de la construction ? Besoin d'un avocat sp\u00e9cialis\u00e9 en droit immobilier ? Besoin d'un avocat sp\u00e9cialis\u00e9 en immobilier ? L'\u00e9quipe professionnelle d'ORYS fournit des conseils juridiques dans les domaines de l'immobilier, de la construction et de la promotion immobili\u00e8re.","robots":{"index":"index","follow":"follow","max-snippet":"max-snippet:-1","max-image-preview":"max-image-preview:large","max-video-preview":"max-video-preview:-1"},"canonical":"https:\/\/orys.be\/fr\/droit-immobilier\/","og_locale":"fr_FR","og_type":"article","og_title":"Avocat droit de la construction | droit immobilier | litiges en mati\u00e8re de louage | litiges en mati\u00e8re de construction | droit de l'environnement","og_description":"Vous cherchez un avocat en droit de la construction ? Besoin d'un avocat sp\u00e9cialis\u00e9 en droit immobilier ? Besoin d'un avocat sp\u00e9cialis\u00e9 en immobilier ? L'\u00e9quipe professionnelle d'ORYS fournit des conseils juridiques dans les domaines de l'immobilier, de la construction et de la promotion immobili\u00e8re.","og_url":"https:\/\/orys.be\/fr\/droit-immobilier\/","og_site_name":"Orys Advocaten","article_modified_time":"2025-06-03T14:34:25+00:00","og_image":[{"width":780,"height":810,"url":"https:\/\/orys.be\/wp-content\/uploads\/2024\/01\/orys-vastgoed-01.jpg","type":"image\/jpeg"}],"twitter_card":"summary_large_image","twitter_misc":{"Dur\u00e9e de lecture estim\u00e9e":"3 minutes"},"schema":{"@context":"https:\/\/schema.org","@graph":[{"@type":"WebPage","@id":"https:\/\/orys.be\/fr\/droit-immobilier\/","url":"https:\/\/orys.be\/fr\/droit-immobilier\/","name":"Avocat droit de la construction | droit immobilier | litiges en mati\u00e8re de louage | litiges en mati\u00e8re de construction | droit de l'environnement","isPartOf":{"@id":"https:\/\/orys.be\/#website"},"primaryImageOfPage":{"@id":"https:\/\/orys.be\/fr\/droit-immobilier\/#primaryimage"},"image":{"@id":"https:\/\/orys.be\/fr\/droit-immobilier\/#primaryimage"},"thumbnailUrl":"https:\/\/orys.be\/wp-content\/uploads\/2024\/01\/orys-vastgoed-01.jpg","datePublished":"2024-01-06T11:52:19+00:00","dateModified":"2025-06-03T14:34:25+00:00","description":"Vous cherchez un avocat en droit de la construction ? Besoin d'un avocat sp\u00e9cialis\u00e9 en droit immobilier ? Besoin d'un avocat sp\u00e9cialis\u00e9 en immobilier ? L'\u00e9quipe professionnelle d'ORYS fournit des conseils juridiques dans les domaines de l'immobilier, de la construction et de la promotion immobili\u00e8re.","breadcrumb":{"@id":"https:\/\/orys.be\/fr\/droit-immobilier\/#breadcrumb"},"inLanguage":"fr-FR","potentialAction":[{"@type":"ReadAction","target":["https:\/\/orys.be\/fr\/droit-immobilier\/"]}]},{"@type":"ImageObject","inLanguage":"fr-FR","@id":"https:\/\/orys.be\/fr\/droit-immobilier\/#primaryimage","url":"https:\/\/orys.be\/wp-content\/uploads\/2024\/01\/orys-vastgoed-01.jpg","contentUrl":"https:\/\/orys.be\/wp-content\/uploads\/2024\/01\/orys-vastgoed-01.jpg","width":780,"height":810},{"@type":"BreadcrumbList","@id":"https:\/\/orys.be\/fr\/droit-immobilier\/#breadcrumb","itemListElement":[{"@type":"ListItem","position":1,"name":"Strona g\u0142\u00f3wna","item":"https:\/\/orys.be\/fr\/"},{"@type":"ListItem","position":2,"name":"Droit immobilier"}]},{"@type":"WebSite","@id":"https:\/\/orys.be\/#website","url":"https:\/\/orys.be\/","name":"Orys Advocaten","description":"Advocaten in Real Estate en Ondernemingen","potentialAction":[{"@type":"SearchAction","target":{"@type":"EntryPoint","urlTemplate":"https:\/\/orys.be\/?s={search_term_string}"},"query-input":{"@type":"PropertyValueSpecification","valueRequired":true,"valueName":"search_term_string"}}],"inLanguage":"fr-FR"}]}},"_links":{"self":[{"href":"https:\/\/orys.be\/fr\/wp-json\/wp\/v2\/pages\/5344","targetHints":{"allow":["GET"]}}],"collection":[{"href":"https:\/\/orys.be\/fr\/wp-json\/wp\/v2\/pages"}],"about":[{"href":"https:\/\/orys.be\/fr\/wp-json\/wp\/v2\/types\/page"}],"author":[{"embeddable":true,"href":"https:\/\/orys.be\/fr\/wp-json\/wp\/v2\/users\/13"}],"replies":[{"embeddable":true,"href":"https:\/\/orys.be\/fr\/wp-json\/wp\/v2\/comments?post=5344"}],"version-history":[{"count":5,"href":"https:\/\/orys.be\/fr\/wp-json\/wp\/v2\/pages\/5344\/revisions"}],"predecessor-version":[{"id":5959,"href":"https:\/\/orys.be\/fr\/wp-json\/wp\/v2\/pages\/5344\/revisions\/5959"}],"wp:featuredmedia":[{"embeddable":true,"href":"https:\/\/orys.be\/fr\/wp-json\/wp\/v2\/media\/4843"}],"wp:attachment":[{"href":"https:\/\/orys.be\/fr\/wp-json\/wp\/v2\/media?parent=5344"}],"curies":[{"name":"wp","href":"https:\/\/api.w.org\/{rel}","templated":true}]}}